{"id":764,"date":"2023-04-11T15:35:56","date_gmt":"2023-04-11T15:35:56","guid":{"rendered":"https:\/\/feuilletpatient.globald.harvest.agency\/cdc\/"},"modified":"2024-12-04T11:01:02","modified_gmt":"2024-12-04T11:01:02","slug":"centro-de-confidencialidad","status":"publish","type":"page","link":"https:\/\/feuilletpatient.globald.harvest.agency\/es\/centro-de-confidencialidad\/","title":{"rendered":"Centro de confidencialidad"},"content":{"rendered":"\n<h5 class=\"wp-block-heading\">SUS DERECHOS<\/h5>\n\n\n\n<p>Global D se compromete a proteger su vida privada as\u00ed como sus datos personales seg\u00fan&nbsp;<a href=\"https:\/\/www.legifrance.gouv.fr\/loda\/id\/JORFTEXT000000886460\/2020-11-19\/\" target=\"_blank\" rel=\"noreferrer noopener\">la ley inform\u00e1tica y de libertad del 6 de enero de 1978<\/a>, reforzada por lo&nbsp;<a href=\"https:\/\/eur-lex.europa.eu\/legal-content\/FR\/TXT\/?uri=CELEX%3A32016R0679\" target=\"_blank\" rel=\"noreferrer noopener\">reglamento europeo 2016\/679 (RGPD)<\/a>&nbsp;relativo a la protecci\u00f3n de los datos de car\u00e1cter personal. En este contexto, usted se beneficia de los siguientes derechos:<\/p>\n\n\n\n<ul class=\"wp-block-list\">\n<li>Derecho de acceso (art. 15 RGPD)<\/li>\n\n\n\n<li>Derecho de rectificaci\u00f3n (art. 16 RGPD)<\/li>\n\n\n\n<li>Derecho de cancelaci\u00f3n y limitaci\u00f3n (art. 17 RGPD)<\/li>\n\n\n\n<li>Derecho de oposici\u00f3n (art. 21 RGPD)<\/li>\n\n\n\n<li>Derecho a la portabilidad de sus datos<\/li>\n<\/ul>\n\n\n\n<p>Para ejercer dichos derechos, puede ponerse en contacto con nosotros mediante la direcci\u00f3n&nbsp;<a href=\"mailto:rgpd@globald.com\">rgpd@globald.com<\/a>&nbsp;indicando su nombre y apellido, direcci\u00f3n de correo electr\u00f3nico, sociedad y la naturaleza o los derechos que desea ejercer.<\/p>\n\n\n\n<h5 class=\"wp-block-heading\">FINALIDAD DEL TRATAMIENTO DE SUS DATOS DE CAR\u00c1CTER PERSONAL<\/h5>\n\n\n\n<p>La finalidad del tratamiento de sus datos personales consiste en la animaci\u00f3n de nuestra actividad, la gesti\u00f3n de la relaci\u00f3n con los clientes y contactos, la organizaci\u00f3n, el registro o la comunicaci\u00f3n comercial, el seguimiento de la relaci\u00f3n comercial con nuestros clientes, recogiendo \u00fanicamente los datos necesarios que nos permitan calificar a nuestros clientes y prospectos para contactarlos por correo electr\u00f3nico o por tel\u00e9fono, y\/o para asegurar la relaci\u00f3n comercial, desde la toma de pedidos hasta la facturaci\u00f3n y el cobro, pasando por la entrega. Los datos de car\u00e1cter personal son utilizados de manera exclusiva por Global D y sus filiales.<\/p>\n\n\n\n<h3 class=\"wp-block-heading\">Destinatario de los datos<\/h3>\n\n\n\n<p>Los datos de car\u00e1cter personal que recogemos est\u00e1n destinados a personas habilitadas de nuestros servicios internos de marketing-comunicaci\u00f3n, comerciales, calidad \u00aelamentaria, cl\u00ednica, servicio al cliente y log\u00edstica, recursos humanos y contabilidad. La informaci\u00f3n recogida es registrada por Global D en archivos informatizados que justifican nuestra actividad (registro de pedidos y entrega de nuestros productos y seguimiento de la misma, organizaci\u00f3n de formaciones y eventos, producci\u00f3n de informaci\u00f3n relacionada con nuestros productos y con la sociedad, registro de reclamaciones de clientes, etc.).<\/p>\n\n\n\n<h5 class=\"wp-block-heading\">LA INFORMACI\u00d3N QUE RECOGEMOS<\/h5>\n\n\n\n<h3 class=\"wp-block-heading\">Formularios de contacto, inscripciones en formaciones y eventos.<\/h3>\n\n\n\n<p>Se trata de informaci\u00f3n que nos permite identificarle como individuo (persona f\u00edsica) y la recogemos cuando usted rellena un&nbsp;<a href=\"https:\/\/www.globald.com\/es\/contact\">formulario de contacto<\/a>&nbsp;en nuestra web o al inscribirse a una formaci\u00f3n o evento: nombre, apellido, profesi\u00f3n, direcci\u00f3n postal, tel\u00e9fono, correo electr\u00f3nico. Los datos comunicados a Global D en este contexto no ser\u00e1n comunicados a terceros.<\/p>\n\n\n\n<h3 class=\"wp-block-heading\">Las candidaturas en l\u00ednea<\/h3>\n\n\n\n<p>El tratamiento de los datos personales contenidos en las candidaturas tiene como finalidad la administraci\u00f3n y gesti\u00f3n de los procesos de reclutamiento. Las candidaturas se pueden comunicar a Global D mediante v\u00eda electr\u00f3nica a trav\u00e9s de la direcci\u00f3n de correo electr\u00f3nico o el&nbsp;<a href=\"https:\/\/www.globald.com\/es\/contact\">formulario de contacto<\/a>&nbsp;ndicado en el sitio web. En el caso en que un contrato de trabajo con un candidato concluya, los datos personales comunicados por el mismo ser\u00e1n conservados y tratados con el objetivo de la gesti\u00f3n del contrato de trabajo, seg\u00fan las disposiciones legales y reglamentarias en vigor. Si el env\u00edo de la candidatura no tiene \u00e9xito al concluir un contrato, la candidatura ser\u00e1 autom\u00e1ticamente suprimida al cabo de un a\u00f1o, a menos que se garantice un inter\u00e9s leg\u00edtimo por parte de Global D que pueda oponerse a la supresi\u00f3n de dichos datos.<\/p>\n\n\n\n<h3 class=\"wp-block-heading\">Los datos que recogemos mediante las cookies y Google Analytics<\/h3>\n\n\n\n<p>Las cookies son ficheros que incluye su navegador web y que est\u00e1n presentes en su disco duro. Permiten reconocerle cada vez que se conecte a un sitio web y as\u00ed ofrecerle una experiencia de navegaci\u00f3n m\u00e1s r\u00e1pida. Utilizamos el servicio Google Analytics y sus cookies para analizar c\u00f3mo hace uso de nuestro sitio web. Estos datos son an\u00f3nimos y no nos permiten obtener su identidad. Puede desactivar las cookies relacionadas con Google Analytics en cualquier momento desde las opciones de su navegador o a trav\u00e9s del siguiente enlace&nbsp;<a href=\"https:\/\/support.google.com\/analytics\/answer\/181881?hl=fr\" target=\"_blank\" rel=\"noreferrer noopener\">https:\/\/support.google.com\/analytics\/answer\/181881?hl=fr<\/a><\/p>\n\n\n\n<h5 class=\"wp-block-heading\">UTILIZACI\u00d3N DE SUS DATOS PERSONALES<\/h5>\n\n\n\n<h3 class=\"wp-block-heading\">Con su consentimiento, nos comunicamos<\/h3>\n\n\n\n<p>Nuestro tratamiento se basa en el consentimiento, por lo que puede retirarlo en cualquier momento sin poner en riesgo la licitud del tratamiento efectuado antes de retirarlo. Con su consentimiento, nosotros le podemos comunicar:<br>Nuestras noticias e informaci\u00f3n comercial mediante mailings o newsletters de los que puede darse de baja en cualquier momento haciendo clic en el enlace de baja presente en el pie de p\u00e1gina de cada uno de ellos, o bien poni\u00e9ndose en contacto con nosotros directamente en la direcci\u00f3n&nbsp;<a href=\"mailto:communication@globald.com\">communication@globald.com<\/a>&nbsp;Notificaciones temporales con motivo de conferencias, congresos o ferias, que se pueden enviar por SMS y de las que usted puede darse de baja en cualquier momento poni\u00e9ndose en contacto con nosotros enviando un correo electr\u00f3nico a la direcci\u00f3n&nbsp;<a href=\"mailto:communication@globald.com\">communication@globald.com<\/a><\/p>\n\n\n\n<h3 class=\"wp-block-heading\">Para entregar nuestros productos.<\/h3>\n\n\n\n<p>As\u00ed, sus datos personales nos permiten mantenerle informado sobre la evoluci\u00f3n de su pedido a trav\u00e9s de distintas notificaciones.<br>Permiten hacer la entrega de su pedido y el seguimiento de la misma en las mejores condiciones, as\u00ed como gestionar de manera eficaz los derechos a los que puede acogerse tras hacer un pedido de nuestros servicios: solicitud de garant\u00eda, devoluciones&#8230;<\/p>\n\n\n\n<h5 class=\"wp-block-heading\">CONTROL Y ACCESO A SUS DATOS PERSONALES<\/h5>\n\n\n\n<p>Puede acceder en todo momento a aquellos datos personales que haya decidido compartir con nosotros, as\u00ed como modificarlos, si se pone en contacto con nosotros enviando un correo electr\u00f3nico a la direcci\u00f3n&nbsp;<a href=\"mailto:rgpd@globald.com\">rgpd@globald.com<\/a>&nbsp;Adem\u00e1s, le animamos a modificarlos si no son correctos para facilitar la ejecuci\u00f3n de los distintos servicios que le ofrecemos (formaci\u00f3n, entregas, notificaciones, etc.). Puede solicitar la supresi\u00f3n total de los datos personales relacionados con usted as\u00ed como el cierre de su cuenta si se pone en contacto con nosotros enviando un correo a la direcci\u00f3n&nbsp;<a href=\"mailto:rgpd@globald.com\">rgpd@globald.com<\/a>. Tenga en cuenta que la supresi\u00f3n total de sus datos o el cierre de su cuenta de cliente significa que no podr\u00e1 volver a acceder a todos nuestros servicios. En algunos casos no podremos suprimir todos sus datos personales, ya que puede que la legislaci\u00f3n en vigor no nos lo permita. En cualquier momento, tiene derecho a solicitar que se le comunique, en un formato estructurado, est\u00e1ndar y legible por m\u00e1quina, todos los datos personales que nos haya proporcionado.<\/p>\n\n\n\n<h3 class=\"wp-block-heading\">Compartici\u00f3n de sus datos personales con terceros<\/h3>\n\n\n\n<p>Puede que tengamos que compartir sus datos personales con los transportistas. En tal caso, les comunicaremos su nombre, apellido, direcci\u00f3n, n\u00famero de tel\u00e9fono y correo electr\u00f3nico para que sea posible entregar su pedido, as\u00ed como todos los servicios correspondientes (env\u00edo de un enlace de seguimiento por correo electr\u00f3nico y notificaciones sobre la evoluci\u00f3n del pedido).<\/p>\n\n\n\n<h3 class=\"wp-block-heading\">Responsable de tratamiento<\/h3>\n\n\n\n<p>Puede ejercer su derecho de acceso y modificaci\u00f3n de sus datos si se pone en contacto con nosotros.<br>Raz\u00f3n social: Global D<br>Direcci\u00f3n: ZI de Sacuny &#8211; 118 avenue Marcel M\u00e9rieux &#8211; 69530 Brignais &#8211; France<br>Tel\u00e9fono:&nbsp;<a href=\"https:\/\/www.globald.com\/es\/centro-de-confidencialidad\/\" target=\"_blank\" rel=\"noreferrer noopener\">+33 (0)4 78 56 97 00<\/a><br>Correo electr\u00f3nico:&nbsp;<a href=\"mailto:rgpd@globald.com\">rgpd@globald.com<\/a><\/p>\n\n\n\n<h5 class=\"wp-block-heading\">DURACI\u00d3N DE LA CONSERVACI\u00d3N DE SUS DATOS PERSONALES<\/h5>\n\n\n\n<p>Los datos de los clientes solo se conservan el tiempo necesario para realizar las operaciones para las que se hayan recogido dichos datos, as\u00ed como durante lo estipulado por la legislaci\u00f3n en vigor. Se conservan el tiempo que duren las relaciones contractuales, con un plus de 3 a\u00f1os a efectos de animaci\u00f3n e informaci\u00f3n. En materia de contabilidad, se conservan durante 10 a\u00f1os a contar desde el cierre del ejercicio fiscal.<br>Los datos de los contactos se conservan durante 3 a\u00f1os si no tiene lugar ninguna participaci\u00f3n o inscripci\u00f3n a alg\u00fan evento de Global D ni se desarrolla ning\u00fan tipo de relaci\u00f3n comercial.<br>Al visitar el sitio web, se guardan los datos de conexi\u00f3n que solamente se utilizan con fines estad\u00edsticos y de seguridad. Los datos que se transmiten mediante el&nbsp;<a href=\"https:\/\/www.globald.com\/es\/contact\">formulario de contacto<\/a>&nbsp;o por correo electr\u00f3nico se recogen con fines estad\u00edsticos y de correspondencia. Se conservan durante un m\u00e1ximo de 3 a\u00f1os.<\/p>\n\n\n\n<h5 class=\"wp-block-heading\">SEGURIDAD DE LA CONSERVACI\u00d3N DE SUS DATOS PERSONALES.<\/h5>\n\n\n\n<p>Global D se asegura de garantizar la seguridad de sus datos y, as\u00ed, evitar cualquier tipo de divulgaci\u00f3n, modificaci\u00f3n y uso no autorizado. Los datos se almacenan en servidores protegidos mediante diversos protocolos como el encriptado o incluso la presencia de un cortafuegos. Nuestras plataformas y servicios web est\u00e1n alojados en OVH, WPserveur, Visiativ y Dimmo Software en sus data centers franc\u00e9s y europeo.<\/p>\n\n\n\n<p><strong>Si tiene preguntas sobre la confidencialidad de sus datos,<\/strong><br><strong>nuestra Pol\u00edtica de confidencialidad, los datos que tenemos sobre usted<\/strong><br><strong>o sus derechos y la manera de ejercerlos, p\u00f3ngase en contacto con nosotros<\/strong>: <a href=\"https:\/\/www.globald.com\/es\/contacto\/\">https:\/\/www.globald.com\/es\/contacto\/<\/a><\/p>\n\n\n\n<p><\/p>\n","protected":false},"excerpt":{"rendered":"<p>SUS DERECHOS Global D se compromete a proteger su vida privada as\u00ed como sus datos personales seg\u00fan&nbsp;la ley inform\u00e1tica y de libertad del 6 de enero de 1978, reforzada por lo&nbsp;reglamento europeo 2016\/679 (RGPD)&nbsp;relativo a la protecci\u00f3n de los datos de car\u00e1cter personal. En este contexto, usted se beneficia de los siguientes derechos: Para ejercer [&hellip;]<\/p>\n","protected":false},"author":1,"featured_media":0,"parent":0,"menu_order":0,"comment_status":"closed","ping_status":"closed","template":"","meta":{"_acf_changed":false,"inline_featured_image":false,"footnotes":""},"class_list":["post-764","page","type-page","status-publish","hentry"],"acf":[],"yoast_head":"<!-- This site is optimized with the Yoast SEO plugin v22.4 - https:\/\/yoast.com\/wordpress\/plugins\/seo\/ -->\n<title>Centro de confidencialidad - GlobalD<\/title>\n<meta name=\"robots\" content=\"index, follow, max-snippet:-1, max-image-preview:large, max-video-preview:-1\" \/>\n<link rel=\"canonical\" href=\"https:\/\/feuilletpatient.globald.harvest.agency\/es\/centro-de-confidencialidad\/\" \/>\n<meta property=\"og:locale\" content=\"es_ES\" \/>\n<meta property=\"og:type\" content=\"article\" \/>\n<meta property=\"og:title\" content=\"Centro de confidencialidad - GlobalD\" \/>\n<meta property=\"og:description\" content=\"SUS DERECHOS Global D se compromete a proteger su vida privada as\u00ed como sus datos personales seg\u00fan&nbsp;la ley inform\u00e1tica y de libertad del 6 de enero de 1978, reforzada por lo&nbsp;reglamento europeo 2016\/679 (RGPD)&nbsp;relativo a la protecci\u00f3n de los datos de car\u00e1cter personal. En este contexto, usted se beneficia de los siguientes derechos: Para ejercer [&hellip;]\" \/>\n<meta property=\"og:url\" content=\"https:\/\/feuilletpatient.globald.harvest.agency\/es\/centro-de-confidencialidad\/\" \/>\n<meta property=\"og:site_name\" content=\"GlobalD\" \/>\n<meta property=\"article:modified_time\" content=\"2024-12-04T11:01:02+00:00\" \/>\n<meta name=\"twitter:card\" content=\"summary_large_image\" \/>\n<meta name=\"twitter:label1\" content=\"Tiempo de lectura\" \/>\n\t<meta name=\"twitter:data1\" content=\"8 minutos\" \/>\n<script type=\"application\/ld+json\" class=\"yoast-schema-graph\">{\"@context\":\"https:\/\/schema.org\",\"@graph\":[{\"@type\":\"WebPage\",\"@id\":\"https:\/\/feuilletpatient.globald.harvest.agency\/es\/centro-de-confidencialidad\/\",\"url\":\"https:\/\/feuilletpatient.globald.harvest.agency\/es\/centro-de-confidencialidad\/\",\"name\":\"Centro de confidencialidad - GlobalD\",\"isPartOf\":{\"@id\":\"https:\/\/feuilletpatient.globald.harvest.agency\/es\/#website\"},\"datePublished\":\"2023-04-11T15:35:56+00:00\",\"dateModified\":\"2024-12-04T11:01:02+00:00\",\"breadcrumb\":{\"@id\":\"https:\/\/feuilletpatient.globald.harvest.agency\/es\/centro-de-confidencialidad\/#breadcrumb\"},\"inLanguage\":\"es\",\"potentialAction\":[{\"@type\":\"ReadAction\",\"target\":[\"https:\/\/feuilletpatient.globald.harvest.agency\/es\/centro-de-confidencialidad\/\"]}]},{\"@type\":\"BreadcrumbList\",\"@id\":\"https:\/\/feuilletpatient.globald.harvest.agency\/es\/centro-de-confidencialidad\/#breadcrumb\",\"itemListElement\":[{\"@type\":\"ListItem\",\"position\":1,\"name\":\"Accueil\",\"item\":\"https:\/\/feuilletpatient.globald.harvest.agency\/es\/\"},{\"@type\":\"ListItem\",\"position\":2,\"name\":\"Centro de confidencialidad\"}]},{\"@type\":\"WebSite\",\"@id\":\"https:\/\/feuilletpatient.globald.harvest.agency\/es\/#website\",\"url\":\"https:\/\/feuilletpatient.globald.harvest.agency\/es\/\",\"name\":\"GlobalD\",\"description\":\"\",\"publisher\":{\"@id\":\"https:\/\/feuilletpatient.globald.harvest.agency\/es\/#organization\"},\"potentialAction\":[{\"@type\":\"SearchAction\",\"target\":{\"@type\":\"EntryPoint\",\"urlTemplate\":\"https:\/\/feuilletpatient.globald.harvest.agency\/es\/?s={search_term_string}\"},\"query-input\":\"required name=search_term_string\"}],\"inLanguage\":\"es\"},{\"@type\":\"Organization\",\"@id\":\"https:\/\/feuilletpatient.globald.harvest.agency\/es\/#organization\",\"name\":\"GlobalD\",\"url\":\"https:\/\/feuilletpatient.globald.harvest.agency\/es\/\",\"logo\":{\"@type\":\"ImageObject\",\"inLanguage\":\"es\",\"@id\":\"https:\/\/feuilletpatient.globald.harvest.agency\/es\/#\/schema\/logo\/image\/\",\"url\":\"https:\/\/feuilletpatient.globald.harvest.agency\/wp-content\/uploads\/logo-globald.svg\",\"contentUrl\":\"https:\/\/feuilletpatient.globald.harvest.agency\/wp-content\/uploads\/logo-globald.svg\",\"width\":223,\"height\":53,\"caption\":\"GlobalD\"},\"image\":{\"@id\":\"https:\/\/feuilletpatient.globald.harvest.agency\/es\/#\/schema\/logo\/image\/\"}}]}<\/script>\n<!-- \/ Yoast SEO plugin. -->","yoast_head_json":{"title":"Centro de confidencialidad - GlobalD","robots":{"index":"index","follow":"follow","max-snippet":"max-snippet:-1","max-image-preview":"max-image-preview:large","max-video-preview":"max-video-preview:-1"},"canonical":"https:\/\/feuilletpatient.globald.harvest.agency\/es\/centro-de-confidencialidad\/","og_locale":"es_ES","og_type":"article","og_title":"Centro de confidencialidad - GlobalD","og_description":"SUS DERECHOS Global D se compromete a proteger su vida privada as\u00ed como sus datos personales seg\u00fan&nbsp;la ley inform\u00e1tica y de libertad del 6 de enero de 1978, reforzada por lo&nbsp;reglamento europeo 2016\/679 (RGPD)&nbsp;relativo a la protecci\u00f3n de los datos de car\u00e1cter personal. En este contexto, usted se beneficia de los siguientes derechos: Para ejercer [&hellip;]","og_url":"https:\/\/feuilletpatient.globald.harvest.agency\/es\/centro-de-confidencialidad\/","og_site_name":"GlobalD","article_modified_time":"2024-12-04T11:01:02+00:00","twitter_card":"summary_large_image","twitter_misc":{"Tiempo de lectura":"8 minutos"},"schema":{"@context":"https:\/\/schema.org","@graph":[{"@type":"WebPage","@id":"https:\/\/feuilletpatient.globald.harvest.agency\/es\/centro-de-confidencialidad\/","url":"https:\/\/feuilletpatient.globald.harvest.agency\/es\/centro-de-confidencialidad\/","name":"Centro de confidencialidad - GlobalD","isPartOf":{"@id":"https:\/\/feuilletpatient.globald.harvest.agency\/es\/#website"},"datePublished":"2023-04-11T15:35:56+00:00","dateModified":"2024-12-04T11:01:02+00:00","breadcrumb":{"@id":"https:\/\/feuilletpatient.globald.harvest.agency\/es\/centro-de-confidencialidad\/#breadcrumb"},"inLanguage":"es","potentialAction":[{"@type":"ReadAction","target":["https:\/\/feuilletpatient.globald.harvest.agency\/es\/centro-de-confidencialidad\/"]}]},{"@type":"BreadcrumbList","@id":"https:\/\/feuilletpatient.globald.harvest.agency\/es\/centro-de-confidencialidad\/#breadcrumb","itemListElement":[{"@type":"ListItem","position":1,"name":"Accueil","item":"https:\/\/feuilletpatient.globald.harvest.agency\/es\/"},{"@type":"ListItem","position":2,"name":"Centro de confidencialidad"}]},{"@type":"WebSite","@id":"https:\/\/feuilletpatient.globald.harvest.agency\/es\/#website","url":"https:\/\/feuilletpatient.globald.harvest.agency\/es\/","name":"GlobalD","description":"","publisher":{"@id":"https:\/\/feuilletpatient.globald.harvest.agency\/es\/#organization"},"potentialAction":[{"@type":"SearchAction","target":{"@type":"EntryPoint","urlTemplate":"https:\/\/feuilletpatient.globald.harvest.agency\/es\/?s={search_term_string}"},"query-input":"required name=search_term_string"}],"inLanguage":"es"},{"@type":"Organization","@id":"https:\/\/feuilletpatient.globald.harvest.agency\/es\/#organization","name":"GlobalD","url":"https:\/\/feuilletpatient.globald.harvest.agency\/es\/","logo":{"@type":"ImageObject","inLanguage":"es","@id":"https:\/\/feuilletpatient.globald.harvest.agency\/es\/#\/schema\/logo\/image\/","url":"https:\/\/feuilletpatient.globald.harvest.agency\/wp-content\/uploads\/logo-globald.svg","contentUrl":"https:\/\/feuilletpatient.globald.harvest.agency\/wp-content\/uploads\/logo-globald.svg","width":223,"height":53,"caption":"GlobalD"},"image":{"@id":"https:\/\/feuilletpatient.globald.harvest.agency\/es\/#\/schema\/logo\/image\/"}}]}},"jetpack_sharing_enabled":true,"_links":{"self":[{"href":"https:\/\/feuilletpatient.globald.harvest.agency\/es\/wp-json\/wp\/v2\/pages\/764","targetHints":{"allow":["GET"]}}],"collection":[{"href":"https:\/\/feuilletpatient.globald.harvest.agency\/es\/wp-json\/wp\/v2\/pages"}],"about":[{"href":"https:\/\/feuilletpatient.globald.harvest.agency\/es\/wp-json\/wp\/v2\/types\/page"}],"author":[{"embeddable":true,"href":"https:\/\/feuilletpatient.globald.harvest.agency\/es\/wp-json\/wp\/v2\/users\/1"}],"replies":[{"embeddable":true,"href":"https:\/\/feuilletpatient.globald.harvest.agency\/es\/wp-json\/wp\/v2\/comments?post=764"}],"version-history":[{"count":2,"href":"https:\/\/feuilletpatient.globald.harvest.agency\/es\/wp-json\/wp\/v2\/pages\/764\/revisions"}],"predecessor-version":[{"id":823,"href":"https:\/\/feuilletpatient.globald.harvest.agency\/es\/wp-json\/wp\/v2\/pages\/764\/revisions\/823"}],"wp:attachment":[{"href":"https:\/\/feuilletpatient.globald.harvest.agency\/es\/wp-json\/wp\/v2\/media?parent=764"}],"curies":[{"name":"wp","href":"https:\/\/api.w.org\/{rel}","templated":true}]}}